{"id":3,"date":"2023-06-05T08:12:11","date_gmt":"2023-06-05T06:12:11","guid":{"rendered":"http:\/\/artiflor.es\/?page_id=3"},"modified":"2024-03-20T12:51:12","modified_gmt":"2024-03-20T11:51:12","slug":"politica-de-privacitat","status":"publish","type":"page","link":"https:\/\/www.artiflor.es\/es\/politica-de-privacitat\/","title":{"rendered":"Pol\u00edtica de privacidad"},"content":{"rendered":"<div data-elementor-type=\"wp-page\" data-elementor-id=\"3\" class=\"elementor elementor-3\" data-elementor-post-type=\"page\">\n\t\t\t\t\t\t<section class=\"elementor-section elementor-top-section elementor-element elementor-element-31d8d192 elementor-section-boxed elementor-section-height-default elementor-section-height-default\" data-id=\"31d8d192\" data-element_type=\"section\" data-e-type=\"section\">\n\t\t\t\t\t\t<div class=\"elementor-container elementor-column-gap-default\">\n\t\t\t\t\t<div class=\"elementor-column elementor-col-100 elementor-top-column elementor-element elementor-element-4f69f16\" data-id=\"4f69f16\" data-element_type=\"column\" data-e-type=\"column\">\n\t\t\t<div class=\"elementor-widget-wrap elementor-element-populated\">\n\t\t\t\t\t\t<div class=\"elementor-element elementor-element-27ebd9cc elementor-widget elementor-widget-text-editor\" data-id=\"27ebd9cc\" data-element_type=\"widget\" data-e-type=\"widget\" data-widget_type=\"text-editor.default\">\n\t\t\t\t<div class=\"elementor-widget-container\">\n\t\t\t\t\t\t\t\t\t\n<p><strong><u>POL\u00cdTICA DE PRIVACITAT<\/u><\/strong><\/p>\n<ol>\n<li><strong><u>OBJECTE<\/u><\/strong><\/li>\n<\/ol>\n<p>La present pol\u00edtica de privacitat regula el tractament de dades personals que es realitza a trav\u00e9s de la p\u00e0gina web<a href=\"applewebdata:\/\/45F22B3E-4A7F-460B-AD00-D5E2A4701F7D\/%20http:\/artiflor.es\/%20%20\">http:\/\/artiflor.es\/\u00a0 <\/a>(d\u2019ara endavant, la \u201cP\u00e0gina Web\u201d).<\/p>\n<ol start=\"2\">\n<li><span style=\"text-decoration: underline;\"><strong>RESPONSABLES DEL TRACTAMENT<\/strong><\/span><\/li>\n<\/ol>\n<p>El responsable del tractament de les dades personals, segons les finalitats i bases leg\u00edtimes que s\u2019indicaran m\u00e9s endavant, \u00e9s:<\/p>\n<p>Lourdes Blanco Esquena<\/p>\n<p>NIF: B17662602<\/p>\n<p>El domicili \u00e9s al carrer Sobrevila 22 (17131) Rupi\u00e0, el tel\u00e8fon \u00e9s 639368933 i<\/p>\n<p>l\u2019adre\u00e7a del correu electr\u00f2nic de contacte \u00e9s <a href=\"mailto:info@artiflor.es\">info@artiflor.es<\/a><\/p>\n<p>D\u2019ara endavant, es far\u00e0 refer\u00e8ncia com a \u201cArt i Flor\u201d.<\/p>\n<p>Art i Flor es reserva el dret de modificar la present pol\u00edtica de privacitat d\u2019acord amb el seu propi criteri, o motivat perun canvi legal, jurisprudencial, o doctrinal de l\u2019Ag\u00e8ncia Espanyola de Protecci\u00f3 de Dades. L\u2019\u00fas de la P\u00e0gina Webdespr\u00e9s dels canvis implicar\u00e0 l\u2019acceptaci\u00f3 dels mateixos.<\/p>\n<p>La P\u00e0gina Web pot contenir enlla\u00e7os a p\u00e0gines externes. Art i Flor no assumeix cap responsabilitat sobre elscontinguts ni sobre qualsevol altre aspecte relacionat amb aquestes p\u00e0gines o llocs web externs.<\/p>\n<ol start=\"3\">\n<li><strong><u>DADES PERSONALS<\/u><\/strong><\/li>\n<\/ol>\n<p>Art i Flor recollir\u00e0 exclusivament les dades personals adequades, pertinents i limitades al que sigui necessari enrelaci\u00f3 amb les finalitats per a les quals s\u00f3n tractades, segons corresponguin en cada cas.<\/p>\n<p>L&#8217;usuari garanteix l&#8217;autenticitat de les dades comunicades i ser\u00e0 l&#8217;\u00fanic responsable de qualsevol manifestaci\u00f3 falsa o inexacta.<\/p>\n<p>En cas que l\u2019usuari facilit\u00e9s dades de tercers, l\u2019usuari garanteix que compta pr\u00e8viament amb el consentiment d\u2019aquests tercers o es troba legitimat degudament a tal efecte i es compromet a traslladar-los-hi el contingut d\u2019aquesta pol\u00edtica de privacitat, eximint a Art i Flor de qualsevol responsabilitat.<\/p>\n<ol start=\"4\">\n<li><strong><u>FINALITATS I LEGITIMACI\u00d3 DEL TRACTAMENT<\/u><\/strong><\/li>\n<\/ol>\n<table width=\"579\">\n<tbody>\n<tr>\n<td width=\"123\">\n<p>Responsable del<\/p>\n<p>tractament<\/p>\n<\/td>\n<td width=\"340\">\n<p>Finalitats<\/p>\n<\/td>\n<td width=\"116\">\n<p>Legitimaci\u00f3<\/p>\n<\/td>\n<\/tr>\n<tr>\n<td rowspan=\"3\" width=\"123\">\n<p>\u00a0<\/p>\n<p>\u00a0<\/p>\n<p>\u00a0<\/p>\n<p>\u00a0<\/p>\n<p>\u00a0<\/p>\n<p>\u00a0<\/p>\n<p>ART I FLOR<\/p>\n<\/td>\n<td width=\"340\">\n<p>\u00b7\u00a0\u00a0\u00a0\u00a0\u00a0 Consulta i, en el seu cas, investigaci\u00f3 iresposta dels missatges rebuts.<\/p>\n<p>Revisi\u00f3 i valoraci\u00f3 de la informaci\u00f3 i\/odocumentaci\u00f3 proporcionada a Art i Flor amb l\u2019objectiu de participar en un proc\u00e9s de selecci\u00f3 d\u2019una vacant existent o futura, o b\u00e9 perpresentar una candidatura espont\u00e0nia. En casque fos d\u2019inter\u00e8s d\u2019Art i Flor, es posar\u00e0 encontacte amb l\u2019interessat amb la intenci\u00f3 de valorar la seva candidatura.<\/p>\n<\/td>\n<td width=\"116\">\n<p>\u00a0<\/p>\n<p>\u00a0<\/p>\n<p>Consentiment<\/p>\n<p>de l\u2019usuari<\/p>\n<\/td>\n<\/tr>\n<tr>\n<td width=\"340\">\n<p>\u00b7\u00a0\u00a0\u00a0\u00a0\u00a0\u00a0 Prevenci\u00f3, detecci\u00f3 i control d\u2019abusos i fraus<\/p>\n<p>\u00b7\u00a0\u00a0\u00a0\u00a0\u00a0 comesos a la P\u00e0gina Web o a trav\u00e9s de la mateixa.<\/p>\n<\/td>\n<td width=\"116\">\n<p>\u00a0<\/p>\n<p>Inter\u00e8s leg\u00edtim<\/p>\n<\/td>\n<\/tr>\n<tr>\n<td width=\"340\">\n<p>\u00b7\u00a0\u00a0\u00a0\u00a0\u00a0 Gesti\u00f3 del compliment de les obligacionslegalment estipulades.<\/p>\n<p>\u00b7\u00a0\u00a0\u00a0\u00a0\u00a0 Gesti\u00f3 del compliment de les obligacionsestipulades a la llei de blanqueig de capitali finan\u00e7ament del<\/p>\n<p>terrorisme.<\/p>\n<\/td>\n<td width=\"116\">\n<p>\u00a0<\/p>\n<p>Compliment \u00a0\u00a0\u00a0\u00a0\u00a0\u00a0\u00a0\u00a0\u00a0\u00a0\u00a0\u00a0\u00a0\u00a0de la legislaci\u00f3<\/p>\n<\/td>\n<\/tr>\n<\/tbody>\n<\/table>\n<p style=\"font-weight: 400;\">L&#8217;usuari tindr\u00e0 dret a retirar el consentiment en qualsevol moment, sense que aix\u00f2 afecti la licitud del tractament previ a laseva retirada. En cas de revocaci\u00f3 del consentiment pel tractament de dades personals per un proc\u00e9s de selecci\u00f3,aix\u00f2 implicar\u00e0 que la candidatura no podr\u00e0 tenir-se en compte pel mateix.<\/p>\n<p style=\"font-weight: 400;\">En cas que la base legitimadora sigui el compliment de la legislaci\u00f3 o l\u2019execuci\u00f3 del contracte, del tractament de lesdades personals \u00e9s necessari perqu\u00e8 Art i Flor pugui complir amb les obligacions que li imposa la legislaci\u00f3 aplicable o amb les obligacions contractuals adquirides per Art i Flor, respectivament.<\/p>\n<p style=\"font-weight: 400;\">En relaci\u00f3 al tractament de dades personals per la finalitat de prevenci\u00f3, detecci\u00f3 i control d\u2019abusos i fraus comesos a laP\u00e0gina Web o a trav\u00e9s de la mateixa, la base legitimadora \u00e9s l\u2019inter\u00e8s leg\u00edtim basat en la voluntat d\u2019Art i Flor demantenir la P\u00e0gina Web com un lloc web segur.<\/p>\n<ol start=\"5\">\n<li><strong><u>DESTINATARIS<\/u><\/strong><\/li>\n<\/ol>\n<p style=\"font-weight: 400;\">Art i Flor no realitzar\u00e0 cessions a tercers, excepte en cas d&#8217;obligaci\u00f3 legal a tercers subcontractats.<\/p>\n<ol start=\"6\">\n<li><strong><u>TERMINIS DE CONSERVACI\u00d3<\/u><\/strong><\/li>\n<\/ol>\n<p style=\"font-weight: 400;\">Art i Flor conservar\u00e0 les dades personals dels usuaris \u00fanicament durant el per\u00edode de temps que fos necessari per adur a terme les finalitats per les quals van ser recollides.<\/p>\n<p style=\"font-weight: 400;\">En cas que la base legitimadora del tractament sigui el consentiment prestat per l\u2019usuari, les dades\u00a0personals es tractaran mentre no es revoqui el consentiment atorgat per l\u2019usuari.<\/p>\n<p style=\"font-weight: 400;\">Un cop finalitzada la finalitat per la qual es van recollir les dades personals, aquestes es conservaran durant tot elper\u00edode de temps que poguessin exigir-se responsabilitats a Art i Flor segons estipula la llei aplicable, procedint, siescau, al bloqueig de les dades fins que hagi transcorregut el termini de prescripci\u00f3 corresponent.<\/p>\n<ol start=\"7\">\n<li><strong><u>DRETS DELS USUARIS<\/u><\/strong><\/li>\n<\/ol>\n<p style=\"font-weight: 400;\">L\u2019informem que en qualsevol moment pot exercir els drets d&#8217;acc\u00e9s, rectificaci\u00f3, supressi\u00f3, limitaci\u00f3, oposici\u00f3 iportabilitat respecte a les seves dades de car\u00e0cter personal previstes a la normativa en mat\u00e8ria de protecci\u00f3 dedades, enviant un escrit al domicili postal Carrer Sobrevila, 22 (17131) Rupi\u00e0 o b\u00e9 al correu electr\u00f2nic <a href=\"mailto:info@artiflor.es\">info@artiflor.es<\/a><\/p>\n<p style=\"font-weight: 400;\">En concret, pot exercir els drets que es desenvolupen a continuaci\u00f3:<\/p>\n<ul>\n<li>Accedir a les seves dades<\/li>\n<li>Obtenir confirmaci\u00f3 sobre si Art i Flor est\u00e0 tractant les seves dades personals.<\/li>\n<li>Rectificar les dades inexactes o<\/li>\n<li>Sol\u00b7licitar la supressi\u00f3 de les seves dades quan, entre altres motius, les dades ja no siguin necess\u00e0ries per lesfinalitats per a les quals van ser<\/li>\n<li>Exercir la limitaci\u00f3 del tractament de les dades quan es compleixi alguna de les condicions previstes en la normativa de protecci\u00f3 de<\/li>\n<li>En determinades circumst\u00e0ncies i per motius relacionats amb la seva situaci\u00f3 particular respecte al tractamentde les seves dades, els interessats podran oposar-se al En aquests casos, Art i Flor deixar\u00e0 de tractarles dades, excepte per motius leg\u00edtims imperiosos, o l\u2019exercici o la defensa de possibles reclamacions.<\/li>\n<li>Obtenir intervenci\u00f3 humana, a expressar el seu punt de vista i a impugnar les decisions automatitzades adoptades per part d\u2019Art i Flor, si s\u2019escau.<\/li>\n<li>Sol\u00b7licitar la portabilitat de les seves<\/li>\n<\/ul>\n<p style=\"font-weight: 400;\"><br \/>En cas de disconformitat en relaci\u00f3 a la tramitaci\u00f3 de les seves dades pot presentar una reclamaci\u00f3 davant l\u2019Ag\u00e8nciaEspanyola de Protecci\u00f3 de Dades, organisme que ostenta l\u2019autoritat de control en la mat\u00e8ria, situada al carrer JorgeJuan, 6 (28001) de Madrid (<a href=\"http:\/\/www.aepd.es\/\" target=\"_blank\" rel=\"noopener\"><u>www.aepd.es<\/u><\/a>).<\/p>\n\t\t\t\t\t\t\t\t<\/div>\n\t\t\t\t<\/div>\n\t\t\t\t\t<\/div>\n\t\t<\/div>\n\t\t\t\t\t<\/div>\n\t\t<\/section>\n\t\t\t\t<\/div>","protected":false},"excerpt":{"rendered":"<p>POL\u00cdTICA DE PRIVACITAT OBJECTE La present pol\u00edtica de privacitat regula el tractament de dades personals que es realitza a trav\u00e9s de la p\u00e0gina webhttp:\/\/artiflor.es\/\u00a0 (d\u2019ara endavant, la \u201cP\u00e0gina Web\u201d). RESPONSABLES DEL TRACTAMENT El responsable del tractament de les dades personals, segons les finalitats i bases leg\u00edtimes que s\u2019indicaran m\u00e9s endavant, \u00e9s: Lourdes Blanco Esquena NIF: [&hellip;]<\/p>\n","protected":false},"author":1,"featured_media":0,"parent":0,"menu_order":0,"comment_status":"closed","ping_status":"closed","template":"","meta":{"footnotes":""},"class_list":["post-3","page","type-page","status-publish","hentry"],"_links":{"self":[{"href":"https:\/\/www.artiflor.es\/es\/wp-json\/wp\/v2\/pages\/3","targetHints":{"allow":["GET"]}}],"collection":[{"href":"https:\/\/www.artiflor.es\/es\/wp-json\/wp\/v2\/pages"}],"about":[{"href":"https:\/\/www.artiflor.es\/es\/wp-json\/wp\/v2\/types\/page"}],"author":[{"embeddable":true,"href":"https:\/\/www.artiflor.es\/es\/wp-json\/wp\/v2\/users\/1"}],"replies":[{"embeddable":true,"href":"https:\/\/www.artiflor.es\/es\/wp-json\/wp\/v2\/comments?post=3"}],"version-history":[{"count":10,"href":"https:\/\/www.artiflor.es\/es\/wp-json\/wp\/v2\/pages\/3\/revisions"}],"predecessor-version":[{"id":1147,"href":"https:\/\/www.artiflor.es\/es\/wp-json\/wp\/v2\/pages\/3\/revisions\/1147"}],"wp:attachment":[{"href":"https:\/\/www.artiflor.es\/es\/wp-json\/wp\/v2\/media?parent=3"}],"curies":[{"name":"wp","href":"https:\/\/api.w.org\/{rel}","templated":true}]}}